{"version":"1.0","provider_name":"Cl\u00ednica Jorge Jaber","provider_url":"https:\/\/clinicajorgejaber.com.br\/novo","author_name":"admin","author_url":"https:\/\/clinicajorgejaber.com.br\/novo\/author\/admin\/","title":"Tabagismo e gravidez - Cl\u00ednica Jorge Jaber","type":"rich","width":600,"height":338,"html":"<blockquote class=\"wp-embedded-content\" data-secret=\"v2sv92FRNN\"><a href=\"https:\/\/clinicajorgejaber.com.br\/novo\/2017\/11\/tabagismo-e-gravidez\/\">Tabagismo e gravidez<\/a><\/blockquote><iframe sandbox=\"allow-scripts\" security=\"restricted\" src=\"https:\/\/clinicajorgejaber.com.br\/novo\/2017\/11\/tabagismo-e-gravidez\/embed\/#?secret=v2sv92FRNN\" width=\"600\" height=\"338\" title=\"&#8220;Tabagismo e gravidez&#8221; &#8212; Cl\u00ednica Jorge Jaber\" data-secret=\"v2sv92FRNN\" frameborder=\"0\" marginwidth=\"0\" marginheight=\"0\" scrolling=\"no\" class=\"wp-embedded-content\"><\/iframe><script type=\"text\/javascript\">\n\/* <![CDATA[ *\/\n\/*! This file is auto-generated *\/\n!function(d,l){\"use strict\";l.querySelector&&d.addEventListener&&\"undefined\"!=typeof URL&&(d.wp=d.wp||{},d.wp.receiveEmbedMessage||(d.wp.receiveEmbedMessage=function(e){var t=e.data;if((t||t.secret||t.message||t.value)&&!\/[^a-zA-Z0-9]\/.test(t.secret)){for(var s,r,n,a=l.querySelectorAll('iframe[data-secret=\"'+t.secret+'\"]'),o=l.querySelectorAll('blockquote[data-secret=\"'+t.secret+'\"]'),c=new RegExp(\"^https?:$\",\"i\"),i=0;i<o.length;i++)o[i].style.display=\"none\";for(i=0;i<a.length;i++)s=a[i],e.source===s.contentWindow&&(s.removeAttribute(\"style\"),\"height\"===t.message?(1e3<(r=parseInt(t.value,10))?r=1e3:~~r<200&&(r=200),s.height=r):\"link\"===t.message&&(r=new URL(s.getAttribute(\"src\")),n=new URL(t.value),c.test(n.protocol))&&n.host===r.host&&l.activeElement===s&&(d.top.location.href=t.value))}},d.addEventListener(\"message\",d.wp.receiveEmbedMessage,!1),l.addEventListener(\"DOMContentLoaded\",function(){for(var e,t,s=l.querySelectorAll(\"iframe.wp-embedded-content\"),r=0;r<s.length;r++)(t=(e=s[r]).getAttribute(\"data-secret\"))||(t=Math.random().toString(36).substring(2,12),e.src+=\"#?secret=\"+t,e.setAttribute(\"data-secret\",t)),e.contentWindow.postMessage({message:\"ready\",secret:t},\"*\")},!1)))}(window,document);\n\/\/# sourceURL=https:\/\/clinicajorgejaber.com.br\/novo\/wp-includes\/js\/wp-embed.min.js\n\/* ]]> *\/\n<\/script>\n","thumbnail_url":"https:\/\/clinicajorgejaber.com.br\/novo\/wp-content\/uploads\/2017\/04\/artigo3-scaled.jpg","thumbnail_width":2560,"thumbnail_height":1702,"description":"ALUNA: Eloisa de Almeida Ara\u00fajo Resumo Os dados da literatura s\u00e3o un\u00e2nimes em confirmar os malef\u00edcios do fumo na popula\u00e7\u00e3o geral e, sobretudo, em gestantes. Fumo na gesta\u00e7\u00e3o \u00e9 preditor para resultados adversos no nascimento, como nascimento prematuro e baixo"}