{"version":"1.0","provider_name":"Cl\u00ednica Jorge Jaber","provider_url":"https:\/\/clinicajorgejaber.com.br\/novo","author_name":"admin","author_url":"https:\/\/clinicajorgejaber.com.br\/novo\/author\/admin\/","title":"A\u00e7\u00e3o do Setembro Amarelo na Ag\u00eancia Brasil - Cl\u00ednica Jorge Jaber","type":"rich","width":600,"height":338,"html":"<blockquote class=\"wp-embedded-content\" data-secret=\"c5joit83QI\"><a href=\"https:\/\/clinicajorgejaber.com.br\/novo\/2019\/09\/acao-do-setembro-amarelo-na-agencia-brasil\/\">A\u00e7\u00e3o do Setembro Amarelo na Ag\u00eancia Brasil<\/a><\/blockquote><iframe sandbox=\"allow-scripts\" security=\"restricted\" src=\"https:\/\/clinicajorgejaber.com.br\/novo\/2019\/09\/acao-do-setembro-amarelo-na-agencia-brasil\/embed\/#?secret=c5joit83QI\" width=\"600\" height=\"338\" title=\"&#8220;A\u00e7\u00e3o do Setembro Amarelo na Ag\u00eancia Brasil&#8221; &#8212; Cl\u00ednica Jorge Jaber\" data-secret=\"c5joit83QI\" frameborder=\"0\" marginwidth=\"0\" marginheight=\"0\" scrolling=\"no\" class=\"wp-embedded-content\"><\/iframe><script type=\"text\/javascript\">\n\/* <![CDATA[ *\/\n\/*! This file is auto-generated *\/\n!function(d,l){\"use strict\";l.querySelector&&d.addEventListener&&\"undefined\"!=typeof URL&&(d.wp=d.wp||{},d.wp.receiveEmbedMessage||(d.wp.receiveEmbedMessage=function(e){var t=e.data;if((t||t.secret||t.message||t.value)&&!\/[^a-zA-Z0-9]\/.test(t.secret)){for(var s,r,n,a=l.querySelectorAll('iframe[data-secret=\"'+t.secret+'\"]'),o=l.querySelectorAll('blockquote[data-secret=\"'+t.secret+'\"]'),c=new RegExp(\"^https?:$\",\"i\"),i=0;i<o.length;i++)o[i].style.display=\"none\";for(i=0;i<a.length;i++)s=a[i],e.source===s.contentWindow&&(s.removeAttribute(\"style\"),\"height\"===t.message?(1e3<(r=parseInt(t.value,10))?r=1e3:~~r<200&&(r=200),s.height=r):\"link\"===t.message&&(r=new URL(s.getAttribute(\"src\")),n=new URL(t.value),c.test(n.protocol))&&n.host===r.host&&l.activeElement===s&&(d.top.location.href=t.value))}},d.addEventListener(\"message\",d.wp.receiveEmbedMessage,!1),l.addEventListener(\"DOMContentLoaded\",function(){for(var e,t,s=l.querySelectorAll(\"iframe.wp-embedded-content\"),r=0;r<s.length;r++)(t=(e=s[r]).getAttribute(\"data-secret\"))||(t=Math.random().toString(36).substring(2,12),e.src+=\"#?secret=\"+t,e.setAttribute(\"data-secret\",t)),e.contentWindow.postMessage({message:\"ready\",secret:t},\"*\")},!1)))}(window,document);\n\/\/# sourceURL=https:\/\/clinicajorgejaber.com.br\/novo\/wp-includes\/js\/wp-embed.min.js\n\/* ]]> *\/\n<\/script>\n","thumbnail_url":"https:\/\/clinicajorgejaber.com.br\/novo\/wp-content\/uploads\/2019\/09\/tnrgo_20190915_abr_1721.jpg","thumbnail_width":1140,"thumbnail_height":760,"description":"fonte: Ag\u00eancia Brasil Cartilhas do Centro de Valoriza\u00e7\u00e3o da Vida (CVV) foram distribu\u00eddas hoje (15), na orla de Copacabana, por alunos do Curso de Extens\u00e3o em Depend\u00eancia Qu\u00edmica da Cl\u00ednica Jorge Jaber, em parceria com o Centro Universit\u00e1rio Unigama, da"}